


{"id":60460,"date":"2025-06-24T15:36:07","date_gmt":"2025-06-24T18:36:07","guid":{"rendered":"https:\/\/www.veeva.com\/br\/?page_id=60460"},"modified":"2026-02-24T12:59:46","modified_gmt":"2026-02-24T15:59:46","slug":"management","status":"publish","type":"page","link":"https:\/\/www.veeva.com\/br\/leadership\/management\/","title":{"rendered":"Lideran\u00e7a Global"},"content":{"rendered":"<style>\n.veeva-2024 .hero-centered {\npadding: 100px 0 60px 0;\n}<\/p>\n<p>@media (min-width:768px){\n.veeva-2024 .hero-centered {\npadding: 150px 0 100px 0;\n}\n}\n@media (min-width:1400px) {\n.veeva-2024 .team-cards--light {\nmargin: 100px 0;\n}\n}\n<\/style>\n<p><main class=\"veeva-2024\"><\/p>\n<div id=\"resource-detail\">\n<section class=\"hero-centered hero-centered--logo\">\n<div class=\"container copy-container copy-container--center copy-container--eyebrow-gradient\">\n\t\t\t<!--\n\n<h6> Lideran\u00e7a <\/h6>\n\n--><\/p>\n<h1> Lideran\u00e7a Global <\/h1>\n<\/p><\/div>\n<\/section>\n<\/div>\n<section class=\"team-cards team-cards--light\">\n<div class=\"container\">\n<div class=\"team-cards__grid wp-block-veeva-veeva-teams\">\n<div class=\"team-card wp-block-veeva-team-member\" aria-label=\"Profile of Founder and CEO\">\n<div class=\"team-card__header\">\n<div class=\"team-card__headshot\">\n\t\t\t\t\t\t<img fetchpriority=\"high\" decoding=\"async\" width=\"500\" height=\"500\" src=\"https:\/\/www.veeva.com\/wp-content\/uploads\/2024\/12\/Peter-Gassner-LI-500x500-1.jpg\" class=\"attachment-full size-full\" alt=\"Profile picture of Peter Gassner\">\n\t\t\t\t\t<\/div>\n<div class=\"team-card__content\">\n<h3 class=\"team-card__name\">Peter Gassner<\/h3>\n<p class=\"team-card__title\">Fundador e CEO<\/p>\n<p class=\"team-card__tenure\">19 Anos na Veeva<\/p>\n<p>\t\t\t\t\t\t<a href=\"https:\/\/www.linkedin.com\/in\/pgassner\/\" class=\"team-card__social\" rel=\"noopener\" target=\"_blank\"><br \/>\n\t\t\t\t\t\t<svg xmlns=\"http:\/\/www.w3.org\/2000\/svg\" width=\"32\" height=\"32\" fill=\"#0A66C2\" viewBox=\"0 0 16 16\" aria-hidden=\"true\">\n\t\t\t\t\t\t\t<path d=\"M0 1.146C0 .513.526 0 1.175 0h13.65C15.474 0 16 .513 16 1.146v13.708c0 .633-.526 1.146-1.175 1.146H1.175C.526 16 0 15.487 0 14.854zm4.943 12.248V6.169H2.542v7.225zm-1.2-8.212c.837 0 1.358-.554 1.358-1.248-.015-.709-.52-1.248-1.342-1.248S2.4 3.226 2.4 3.934c0 .694.521 1.248 1.327 1.248zm4.908 8.212V9.359c0-.216.016-.432.08-.586.173-.431.568-.878 1.232-.878.869 0 1.216.662 1.216 1.634v3.865h2.401V9.25c0-2.22-1.184-3.252-2.764-3.252-1.274 0-1.845.7-2.165 1.193v.025h-.016l.016-.025V6.169h-2.4c.03.678 0 7.225 0 7.225z\"><\/path>\n\t\t\t\t\t\t<\/svg><br \/>\n\t\t\t\t\t\t<\/a>\n\t\t\t\t\t<\/div>\n<\/p><\/div>\n<p class=\"team-card__description\">Peter Gassner \u00e9 respons\u00e1vel por toda a Veeva, incluindo a dire\u00e7\u00e3o estrat\u00e9gica, orienta\u00e7\u00e3o de produtos e opera\u00e7\u00f5es.<\/p>\n<\/p><\/div>\n<div class=\"team-card wp-block-veeva-team-member\" aria-label=\"Profile of President and Chief Customer Officer\">\n<div class=\"team-card__header\">\n<div class=\"team-card__headshot\">\n\t\t\t\t\t\t<img loading=\"lazy\" decoding=\"async\" width=\"500\" height=\"500\" src=\"https:\/\/www.veeva.com\/wp-content\/uploads\/2024\/12\/Tom-Scwhenge-LI-500x500-1.jpg\" class=\"attachment-full size-full\" alt=\"Profile picture of Tom Schwenger\">\n\t\t\t\t\t<\/div>\n<div class=\"team-card__content\">\n<h3 class=\"team-card__name\">Tom Schwenger<\/h3>\n<p class=\"team-card__title\">Presidente e Diretor de Relacionamento com o Cliente<\/p>\n<p class=\"team-card__tenure\">6 Anos na Veeva<\/p>\n<p>\t\t\t\t\t\t<a href=\"https:\/\/www.linkedin.com\/in\/tom-schwenger-030687\/\" class=\"team-card__social\" rel=\"noopener\" target=\"_blank\"><br \/>\n\t\t\t\t\t\t<svg xmlns=\"http:\/\/www.w3.org\/2000\/svg\" width=\"32\" height=\"32\" fill=\"#0A66C2\" viewBox=\"0 0 16 16\" aria-hidden=\"true\">\n\t\t\t\t\t\t\t<path d=\"M0 1.146C0 .513.526 0 1.175 0h13.65C15.474 0 16 .513 16 1.146v13.708c0 .633-.526 1.146-1.175 1.146H1.175C.526 16 0 15.487 0 14.854zm4.943 12.248V6.169H2.542v7.225zm-1.2-8.212c.837 0 1.358-.554 1.358-1.248-.015-.709-.52-1.248-1.342-1.248S2.4 3.226 2.4 3.934c0 .694.521 1.248 1.327 1.248zm4.908 8.212V9.359c0-.216.016-.432.08-.586.173-.431.568-.878 1.232-.878.869 0 1.216.662 1.216 1.634v3.865h2.401V9.25c0-2.22-1.184-3.252-2.764-3.252-1.274 0-1.845.7-2.165 1.193v.025h-.016l.016-.025V6.169h-2.4c.03.678 0 7.225 0 7.225z\"><\/path>\n\t\t\t\t\t\t<\/svg><br \/>\n\t\t\t\t\t\t<\/a>\n\t\t\t\t\t<\/div>\n<\/p><\/div>\n<p class=\"team-card__description\">Tom Schwenger \u00e9 respons\u00e1vel pelas \u00e1reas de vendas, servi\u00e7os e outros setores voltados para o cliente.<\/p>\n<\/p><\/div>\n<div class=\"team-card wp-block-veeva-team-member\" aria-label=\"Profile of Chief Financial Officer\">\n<div class=\"team-card__header\">\n<div class=\"team-card__headshot\">\n\t\t\t\t\t\t<img loading=\"lazy\" decoding=\"async\" width=\"500\" height=\"500\" src=\"https:\/\/www.veeva.com\/wp-content\/uploads\/2024\/12\/Brian-Van-Wagener-LI-500x500-1.jpg\" class=\"attachment-full size-full\" alt=\"Profile picture of Brian Van Wagener\">\n\t\t\t\t\t<\/div>\n<div class=\"team-card__content\">\n<h3 class=\"team-card__name\">Brian Van Wagener<\/h3>\n<p class=\"team-card__title\">Diretor Financeiro<\/p>\n<p class=\"team-card__tenure\">7 Anos na Veeva<\/p>\n<p>\t\t\t\t\t\t<a href=\"https:\/\/www.linkedin.com\/in\/brianvanwagener\/\" class=\"team-card__social\" rel=\"noopener\" target=\"_blank\"><br \/>\n\t\t\t\t\t\t<svg xmlns=\"http:\/\/www.w3.org\/2000\/svg\" width=\"32\" height=\"32\" fill=\"#0A66C2\" viewBox=\"0 0 16 16\" aria-hidden=\"true\">\n\t\t\t\t\t\t<path d=\"M0 1.146C0 .513.526 0 1.175 0h13.65C15.474 0 16 .513 16 1.146v13.708c0 .633-.526 1.146-1.175 1.146H1.175C.526 16 0 15.487 0 14.854zm4.943 12.248V6.169H2.542v7.225zm-1.2-8.212c.837 0 1.358-.554 1.358-1.248-.015-.709-.52-1.248-1.342-1.248S2.4 3.226 2.4 3.934c0 .694.521 1.248 1.327 1.248zm4.908 8.212V9.359c0-.216.016-.432.08-.586.173-.431.568-.878 1.232-.878.869 0 1.216.662 1.216 1.634v3.865h2.401V9.25c0-2.22-1.184-3.252-2.764-3.252-1.274 0-1.845.7-2.165 1.193v.025h-.016l.016-.025V6.169h-2.4c.03.678 0 7.225 0 7.225z\"><\/path>\n\t\t\t\t\t\t<\/svg><br \/>\n\t\t\t\t\t\t<\/a>\n\t\t\t\t\t<\/div>\n<\/p><\/div>\n<p class=\"team-card__description\">Brian Van Wagener \u00e9 respons\u00e1vel pelas \u00e1reas de finan\u00e7as, contabilidade, departamento jur\u00eddico, rela\u00e7\u00f5es com investidores e tesouraria.<\/p>\n<\/p><\/div>\n<div class=\"team-card wp-block-veeva-team-member\" aria-label=\"Profile of President and Chief of Staff\">\n<div class=\"team-card__header\">\n<div class=\"team-card__headshot\">\n\t\t\t\t\t\t<img loading=\"lazy\" decoding=\"async\" width=\"500\" height=\"500\" src=\"https:\/\/www.veeva.com\/wp-content\/uploads\/2024\/12\/Nitsa-Zuppas-LI-500x500-1.jpg\" class=\"attachment-full size-full\" alt=\"Profile picture of Nitsa Zuppas\">\n\t\t\t\t\t<\/div>\n<div class=\"team-card__content\">\n<h3 class=\"team-card__name\">Nitsa Zuppas<\/h3>\n<p class=\"team-card__title\">Presidente e Chief of Staff\/ Assessora Executiva da Presid\u00eancia<\/p>\n<p class=\"team-card__tenure\">13 Anos na Veeva<\/p>\n<p>\t\t\t\t\t\t<a href=\"http:\/\/www.linkedin.com\/in\/nitsazuppas\" class=\"team-card__social\" rel=\"noopener\" target=\"_blank\"><br \/>\n\t\t\t\t\t\t<svg xmlns=\"http:\/\/www.w3.org\/2000\/svg\" width=\"32\" height=\"32\" fill=\"#0A66C2\" viewBox=\"0 0 16 16\" aria-hidden=\"true\">\n\t\t\t\t\t\t<path d=\"M0 1.146C0 .513.526 0 1.175 0h13.65C15.474 0 16 .513 16 1.146v13.708c0 .633-.526 1.146-1.175 1.146H1.175C.526 16 0 15.487 0 14.854zm4.943 12.248V6.169H2.542v7.225zm-1.2-8.212c.837 0 1.358-.554 1.358-1.248-.015-.709-.52-1.248-1.342-1.248S2.4 3.226 2.4 3.934c0 .694.521 1.248 1.327 1.248zm4.908 8.212V9.359c0-.216.016-.432.08-.586.173-.431.568-.878 1.232-.878.869 0 1.216.662 1.216 1.634v3.865h2.401V9.25c0-2.22-1.184-3.252-2.764-3.252-1.274 0-1.845.7-2.165 1.193v.025h-.016l.016-.025V6.169h-2.4c.03.678 0 7.225 0 7.225z\"><\/path>\n\t\t\t\t\t\t<\/svg><br \/>\n\t\t\t\t\t\t<\/a>\n\t\t\t\t\t<\/div>\n<\/p><\/div>\n<p class=\"team-card__description\">Nitsa Zuppas \u00e9 respons\u00e1vel por ajudar a definir, comunicar e executar a dire\u00e7\u00e3o estrat\u00e9gica da empresa.<\/p>\n<\/p><\/div>\n<div class=\"team-card wp-block-veeva-team-member\" aria-label=\"Profile of Senior Vice President, Global Services\">\n<div class=\"team-card__header\">\n<div class=\"team-card__headshot\">\n\t\t\t\t\t\t<img loading=\"lazy\" decoding=\"async\" width=\"500\" height=\"500\" src=\"https:\/\/www.veeva.com\/wp-content\/uploads\/2024\/12\/Howie-Hsueh-LI-500x500-1.jpg\" class=\"attachment-full size-full\" alt=\"Profile picture of Howie Hsueh\">\n\t\t\t\t\t<\/div>\n<div class=\"team-card__content\">\n<h3 class=\"team-card__name\">Howie Hsueh<\/h3>\n<p class=\"team-card__title\">Vice-Presidente S\u00eanior de Servi\u00e7os Globais<\/p>\n<p class=\"team-card__tenure\">14 Anos na Veeva<\/p>\n<p>\t\t\t\t\t\t<a href=\"https:\/\/www.linkedin.com\/in\/howardhsueh\/\" class=\"team-card__social\" rel=\"noopener\" target=\"_blank\"><br \/>\n\t\t\t\t\t\t<svg xmlns=\"http:\/\/www.w3.org\/2000\/svg\" width=\"32\" height=\"32\" fill=\"#0A66C2\" viewBox=\"0 0 16 16\" aria-hidden=\"true\">\n\t\t\t\t\t\t<path d=\"M0 1.146C0 .513.526 0 1.175 0h13.65C15.474 0 16 .513 16 1.146v13.708c0 .633-.526 1.146-1.175 1.146H1.175C.526 16 0 15.487 0 14.854zm4.943 12.248V6.169H2.542v7.225zm-1.2-8.212c.837 0 1.358-.554 1.358-1.248-.015-.709-.52-1.248-1.342-1.248S2.4 3.226 2.4 3.934c0 .694.521 1.248 1.327 1.248zm4.908 8.212V9.359c0-.216.016-.432.08-.586.173-.431.568-.878 1.232-.878.869 0 1.216.662 1.216 1.634v3.865h2.401V9.25c0-2.22-1.184-3.252-2.764-3.252-1.274 0-1.845.7-2.165 1.193v.025h-.016l.016-.025V6.169h-2.4c.03.678 0 7.225 0 7.225z\"><\/path>\n\t\t\t\t\t\t<\/svg><br \/>\n\t\t\t\t\t\t<\/a>\n\t\t\t\t\t<\/div>\n<\/p><\/div>\n<p class=\"team-card__description\">Howie Hsueh \u00e9 respons\u00e1vel pelos servi\u00e7os globais relacionados aos produtos da Veeva.<\/p>\n<\/p><\/div>\n<div class=\"team-card wp-block-veeva-team-member\" aria-label=\"Profile of Senior Vice President, Global Commercial Services\">\n<div class=\"team-card__header\">\n<div class=\"team-card__headshot\">\n\t\t\t\t\t\t<img loading=\"lazy\" decoding=\"async\" width=\"500\" height=\"500\" src=\"https:\/\/www.veeva.com\/wp-content\/uploads\/2025\/01\/Greg-Larson-LI-500x500-1.jpg\" class=\"attachment-full size-full\" alt=\"Profile picture of Greg Larson\">\n\t\t\t\t\t<\/div>\n<div class=\"team-card__content\">\n<h3 class=\"team-card__name\">Greg Larson<\/h3>\n<p class=\"team-card__title\">Vice-Presidente S\u00eanior de Servi\u00e7os Comerciais Globais<\/p>\n<p class=\"team-card__tenure\">Um ano na Veeva<\/p>\n<p>\t\t\t\t\t\t<a href=\"https:\/\/www.linkedin.com\/in\/greg-larson-8790b413\/\" class=\"team-card__social\" rel=\"noopener\" target=\"_blank\"><br \/>\n\t\t\t\t\t\t<svg xmlns=\"http:\/\/www.w3.org\/2000\/svg\" width=\"32\" height=\"32\" fill=\"#0A66C2\" viewBox=\"0 0 16 16\" aria-hidden=\"true\">\n\t\t\t\t\t\t<path d=\"M0 1.146C0 .513.526 0 1.175 0h13.65C15.474 0 16 .513 16 1.146v13.708c0 .633-.526 1.146-1.175 1.146H1.175C.526 16 0 15.487 0 14.854zm4.943 12.248V6.169H2.542v7.225zm-1.2-8.212c.837 0 1.358-.554 1.358-1.248-.015-.709-.52-1.248-1.342-1.248S2.4 3.226 2.4 3.934c0 .694.521 1.248 1.327 1.248zm4.908 8.212V9.359c0-.216.016-.432.08-.586.173-.431.568-.878 1.232-.878.869 0 1.216.662 1.216 1.634v3.865h2.401V9.25c0-2.22-1.184-3.252-2.764-3.252-1.274 0-1.845.7-2.165 1.193v.025h-.016l.016-.025V6.169h-2.4c.03.678 0 7.225 0 7.225z\"><\/path>\n\t\t\t\t\t\t<\/svg><br \/>\n\t\t\t\t\t\t<\/a>\n\t\t\t\t\t<\/div>\n<\/p><\/div>\n<p class=\"team-card__description\">Greg Larson \u00e9 respons\u00e1vel por liderar as equipes de servi\u00e7os e garantir o sucesso dos clientes do Commercial Cloud na Am\u00e9rica do Norte e Europa.<\/p>\n<\/p><\/div>\n<div class=\"team-card wp-block-veeva-team-member\" aria-label=\"Profile of Chief People Officer\">\n<div class=\"team-card__header\">\n<div class=\"team-card__headshot\">\n\t\t\t\t\t\t<img loading=\"lazy\" decoding=\"async\" width=\"500\" height=\"500\" src=\"https:\/\/www.veeva.com\/wp-content\/uploads\/2024\/12\/Vivian-Welsh-LI-500x500-1.jpg\" class=\"attachment-full size-full\" alt=\"Profile picture of Vivian Welsh\">\n\t\t\t\t\t<\/div>\n<div class=\"team-card__content\">\n<h3 class=\"team-card__name\">Vivian Welsh<\/h3>\n<p class=\"team-card__title\">Diretora de Recursos Humanos<\/p>\n<p class=\"team-card__tenure\">17 Anos na Veeva<\/p>\n<p>\t\t\t\t\t\t<a href=\"https:\/\/www.linkedin.com\/in\/vivianmendoza\/\" class=\"team-card__social\" rel=\"noopener\" target=\"_blank\"><br \/>\n\t\t\t\t\t\t<svg xmlns=\"http:\/\/www.w3.org\/2000\/svg\" width=\"32\" height=\"32\" fill=\"#0A66C2\" viewBox=\"0 0 16 16\" aria-hidden=\"true\">\n\t\t\t\t\t\t<path d=\"M0 1.146C0 .513.526 0 1.175 0h13.65C15.474 0 16 .513 16 1.146v13.708c0 .633-.526 1.146-1.175 1.146H1.175C.526 16 0 15.487 0 14.854zm4.943 12.248V6.169H2.542v7.225zm-1.2-8.212c.837 0 1.358-.554 1.358-1.248-.015-.709-.52-1.248-1.342-1.248S2.4 3.226 2.4 3.934c0 .694.521 1.248 1.327 1.248zm4.908 8.212V9.359c0-.216.016-.432.08-.586.173-.431.568-.878 1.232-.878.869 0 1.216.662 1.216 1.634v3.865h2.401V9.25c0-2.22-1.184-3.252-2.764-3.252-1.274 0-1.845.7-2.165 1.193v.025h-.016l.016-.025V6.169h-2.4c.03.678 0 7.225 0 7.225z\"><\/path>\n\t\t\t\t\t\t<\/svg><br \/>\n\t\t\t\t\t\t<\/a>\n\t\t\t\t\t<\/div>\n<\/p><\/div>\n<p class=\"team-card__description\">Vivian Welsh \u00e9 respons\u00e1vel pelos programas e equipes globais voltados para o sucesso dos colaboradores.<\/p>\n<\/p><\/div>\n<div class=\"team-card wp-block-veeva-team-member\" aria-label=\"Profile of Executive Vice President, Internal Operations\">\n<div class=\"team-card__header\">\n<div class=\"team-card__headshot\">\n\t\t\t\t\t\t<img loading=\"lazy\" decoding=\"async\" width=\"500\" height=\"500\" src=\"https:\/\/www.veeva.com\/wp-content\/uploads\/2024\/12\/Catherine-Allshouse-LI-500x500-1.jpg\" class=\"attachment-full size-full\" alt=\"Profile picture of Catherine Allshouse\">\n\t\t\t\t\t<\/div>\n<div class=\"team-card__content\">\n<h3 class=\"team-card__name\">Catherine Allshouse<\/h3>\n<p class=\"team-card__title\">Diretor de TI (CIO)<\/p>\n<p class=\"team-card__tenure\">8 Anos na Veeva<\/p>\n<p>\t\t\t\t\t\t<a href=\"https:\/\/www.linkedin.com\/in\/catherineallshouse\/\" class=\"team-card__social\" rel=\"noopener\" target=\"_blank\"><br \/>\n\t\t\t\t\t\t<svg xmlns=\"http:\/\/www.w3.org\/2000\/svg\" width=\"32\" height=\"32\" fill=\"#0A66C2\" viewBox=\"0 0 16 16\" aria-hidden=\"true\">\n\t\t\t\t\t\t<path d=\"M0 1.146C0 .513.526 0 1.175 0h13.65C15.474 0 16 .513 16 1.146v13.708c0 .633-.526 1.146-1.175 1.146H1.175C.526 16 0 15.487 0 14.854zm4.943 12.248V6.169H2.542v7.225zm-1.2-8.212c.837 0 1.358-.554 1.358-1.248-.015-.709-.52-1.248-1.342-1.248S2.4 3.226 2.4 3.934c0 .694.521 1.248 1.327 1.248zm4.908 8.212V9.359c0-.216.016-.432.08-.586.173-.431.568-.878 1.232-.878.869 0 1.216.662 1.216 1.634v3.865h2.401V9.25c0-2.22-1.184-3.252-2.764-3.252-1.274 0-1.845.7-2.165 1.193v.025h-.016l.016-.025V6.169h-2.4c.03.678 0 7.225 0 7.225z\"><\/path>\n\t\t\t\t\t\t<\/svg><br \/>\n\t\t\t\t\t\t<\/a>\n\t\t\t\t\t<\/div>\n<\/p><\/div>\n<p class=\"team-card__description\">Catherine Allshouse \u00e9 respons\u00e1vel pelas equipes de TI, Seguran\u00e7a da Informa\u00e7\u00e3o, Workplace e Facilities.<\/p>\n<\/p><\/div>\n<div class=\"team-card wp-block-veeva-team-member\" aria-label=\"Profile of Senior Vice President &amp; General Counsel\">\n<div class=\"team-card__header\">\n<div class=\"team-card__headshot\">\n\t\t\t\t\t\t<img loading=\"lazy\" decoding=\"async\" width=\"500\" height=\"500\" src=\"https:\/\/www.veeva.com\/wp-content\/uploads\/2024\/12\/Josh-Faddis-LI-500x500-1.jpg\" class=\"attachment-full size-full\" alt=\"Profile picture of Josh Faddis\">\n\t\t\t\t\t<\/div>\n<div class=\"team-card__content\">\n<h3 class=\"team-card__name\">Josh Faddis<\/h3>\n<p class=\"team-card__title\">Vice-Presidente S\u00eanior e Diretor Jur\u00eddico<\/p>\n<p class=\"team-card__tenure\">13 Anos na Veeva<\/p>\n<p>\t\t\t\t\t\t<a href=\"http:\/\/www.linkedin.com\/pub\/josh-faddis\/1\/846\/9a0\" class=\"team-card__social\" rel=\"noopener\" target=\"_blank\"><br \/>\n\t\t\t\t\t\t<svg xmlns=\"http:\/\/www.w3.org\/2000\/svg\" width=\"32\" height=\"32\" fill=\"#0A66C2\" viewBox=\"0 0 16 16\" aria-hidden=\"true\">\n\t\t\t\t\t\t<path d=\"M0 1.146C0 .513.526 0 1.175 0h13.65C15.474 0 16 .513 16 1.146v13.708c0 .633-.526 1.146-1.175 1.146H1.175C.526 16 0 15.487 0 14.854zm4.943 12.248V6.169H2.542v7.225zm-1.2-8.212c.837 0 1.358-.554 1.358-1.248-.015-.709-.52-1.248-1.342-1.248S2.4 3.226 2.4 3.934c0 .694.521 1.248 1.327 1.248zm4.908 8.212V9.359c0-.216.016-.432.08-.586.173-.431.568-.878 1.232-.878.869 0 1.216.662 1.216 1.634v3.865h2.401V9.25c0-2.22-1.184-3.252-2.764-3.252-1.274 0-1.845.7-2.165 1.193v.025h-.016l.016-.025V6.169h-2.4c.03.678 0 7.225 0 7.225z\"><\/path>\n\t\t\t\t\t\t<\/svg><br \/>\n\t\t\t\t\t\t<\/a>\n\t\t\t\t\t<\/div>\n<\/p><\/div>\n<p class=\"team-card__description\">Josh Faddis \u00e9 respons\u00e1vel por todos os aspectos da \u00e1rea jur\u00eddica, incluindo contratos, gest\u00e3o de propriedade intelectual, lit\u00edgios, governan\u00e7a corporativa e compliance.<\/p>\n<\/p><\/div>\n<div class=\"team-card wp-block-veeva-team-member\" aria-label=\"Profile of President, Global Commercial\">\n<div class=\"team-card__header\">\n<div class=\"team-card__headshot\">\n\t\t\t\t\t\t<img loading=\"lazy\" decoding=\"async\" width=\"500\" height=\"500\" src=\"https:\/\/www.veeva.com\/wp-content\/uploads\/2024\/12\/Laura-Moran-LI-500x500-1.jpg\" class=\"attachment-full size-full\" alt=\"Profile picture of Laura Moran\">\n\t\t\t\t\t<\/div>\n<div class=\"team-card__content\">\n<h3 class=\"team-card__name\">Laura Moran<\/h3>\n<p class=\"team-card__title\">Presidente Comercial Globa<\/p>\n<p class=\"team-card__tenure\">5 Anos na Veeva<\/p>\n<p>\t\t\t\t\t\t<a href=\"https:\/\/www.linkedin.com\/in\/laura-moran-ba80562\/\" class=\"team-card__social\" rel=\"noopener\" target=\"_blank\"><br \/>\n\t\t\t\t\t\t<svg xmlns=\"http:\/\/www.w3.org\/2000\/svg\" width=\"32\" height=\"32\" fill=\"#0A66C2\" viewBox=\"0 0 16 16\" aria-hidden=\"true\">\n\t\t\t\t\t\t<path d=\"M0 1.146C0 .513.526 0 1.175 0h13.65C15.474 0 16 .513 16 1.146v13.708c0 .633-.526 1.146-1.175 1.146H1.175C.526 16 0 15.487 0 14.854zm4.943 12.248V6.169H2.542v7.225zm-1.2-8.212c.837 0 1.358-.554 1.358-1.248-.015-.709-.52-1.248-1.342-1.248S2.4 3.226 2.4 3.934c0 .694.521 1.248 1.327 1.248zm4.908 8.212V9.359c0-.216.016-.432.08-.586.173-.431.568-.878 1.232-.878.869 0 1.216.662 1.216 1.634v3.865h2.401V9.25c0-2.22-1.184-3.252-2.764-3.252-1.274 0-1.845.7-2.165 1.193v.025h-.016l.016-.025V6.169h-2.4c.03.678 0 7.225 0 7.225z\"><\/path>\n\t\t\t\t\t\t<\/svg><br \/>\n\t\t\t\t\t\t<\/a>\n\t\t\t\t\t<\/div>\n<\/p><\/div>\n<p class=\"team-card__description\">Laura Moran \u00e9 respons\u00e1vel pelas vendas comerciais globais e pelo sucesso dos clientes.<\/p>\n<\/p><\/div>\n<div class=\"team-card wp-block-veeva-team-member\" aria-label=\"Profile of Senior Vice President, Global R&amp;D and Quality\">\n<div class=\"team-card__header\">\n<div class=\"team-card__headshot\">\n\t\t\t\t\t\t<img loading=\"lazy\" decoding=\"async\" width=\"500\" height=\"500\" src=\"https:\/\/www.veeva.com\/wp-content\/uploads\/2024\/12\/Erik-Smith-LI-500x500-1.jpg\" class=\"attachment-full size-full\" alt=\"Profile picture of Erik Smith\">\n\t\t\t\t\t<\/div>\n<div class=\"team-card__content\">\n<h3 class=\"team-card__name\">Erik Smith<\/h3>\n<p class=\"team-card__title\">Vice-Presidente S\u00eanior Global de Pesquisa &#038; Desenvolvimento (R&#038;D) e Qualidade<\/p>\n<p class=\"team-card__tenure\">13 Anos na Veeva<\/p>\n<p>\t\t\t\t\t\t<a href=\"https:\/\/www.linkedin.com\/in\/eriksmith27\/\" class=\"team-card__social\" rel=\"noopener\" target=\"_blank\"><br \/>\n\t\t\t\t\t\t<svg xmlns=\"http:\/\/www.w3.org\/2000\/svg\" width=\"32\" height=\"32\" fill=\"#0A66C2\" viewBox=\"0 0 16 16\" aria-hidden=\"true\">\n\t\t\t\t\t\t<path d=\"M0 1.146C0 .513.526 0 1.175 0h13.65C15.474 0 16 .513 16 1.146v13.708c0 .633-.526 1.146-1.175 1.146H1.175C.526 16 0 15.487 0 14.854zm4.943 12.248V6.169H2.542v7.225zm-1.2-8.212c.837 0 1.358-.554 1.358-1.248-.015-.709-.52-1.248-1.342-1.248S2.4 3.226 2.4 3.934c0 .694.521 1.248 1.327 1.248zm4.908 8.212V9.359c0-.216.016-.432.08-.586.173-.431.568-.878 1.232-.878.869 0 1.216.662 1.216 1.634v3.865h2.401V9.25c0-2.22-1.184-3.252-2.764-3.252-1.274 0-1.845.7-2.165 1.193v.025h-.016l.016-.025V6.169h-2.4c.03.678 0 7.225 0 7.225z\"><\/path>\n\t\t\t\t\t\t<\/svg><br \/>\n\t\t\t\t\t\t<\/a>\n\t\t\t\t\t<\/div>\n<\/p><\/div>\n<p class=\"team-card__description\">Erik Smith \u00e9 respons\u00e1vel global por R&#038;D, qualidade de vendas e sucesso dos clientes.<\/p>\n<\/p><\/div>\n<div class=\"team-card wp-block-veeva-team-member\" aria-label=\"Profile of Vice President, Global Business Consulting\">\n<div class=\"team-card__header\">\n<div class=\"team-card__headshot\">\n\t\t\t\t\t\t<img loading=\"lazy\" decoding=\"async\" width=\"500\" height=\"500\" src=\"https:\/\/www.veeva.com\/wp-content\/uploads\/2024\/12\/Dan-Rizzo-LI-500x500-1.jpg\" class=\"attachment-full size-full\" alt=\"Profile picture of Dan Rizzo\">\n\t\t\t\t\t<\/div>\n<div class=\"team-card__content\">\n<h3 class=\"team-card__name\">Dan Rizzo<\/h3>\n<p class=\"team-card__title\">Vice-Presidente Global de Consultoria de Neg\u00f3cios<\/p>\n<p class=\"team-card__tenure\">6 Anos na Veeva<\/p>\n<p>\t\t\t\t\t\t<a href=\"https:\/\/www.linkedin.com\/in\/danielrizzo\/\" class=\"team-card__social\" rel=\"noopener\" target=\"_blank\"><br \/>\n\t\t\t\t\t\t<svg xmlns=\"http:\/\/www.w3.org\/2000\/svg\" width=\"32\" height=\"32\" fill=\"#0A66C2\" viewBox=\"0 0 16 16\" aria-hidden=\"true\">\n\t\t\t\t\t\t<path d=\"M0 1.146C0 .513.526 0 1.175 0h13.65C15.474 0 16 .513 16 1.146v13.708c0 .633-.526 1.146-1.175 1.146H1.175C.526 16 0 15.487 0 14.854zm4.943 12.248V6.169H2.542v7.225zm-1.2-8.212c.837 0 1.358-.554 1.358-1.248-.015-.709-.52-1.248-1.342-1.248S2.4 3.226 2.4 3.934c0 .694.521 1.248 1.327 1.248zm4.908 8.212V9.359c0-.216.016-.432.08-.586.173-.431.568-.878 1.232-.878.869 0 1.216.662 1.216 1.634v3.865h2.401V9.25c0-2.22-1.184-3.252-2.764-3.252-1.274 0-1.845.7-2.165 1.193v.025h-.016l.016-.025V6.169h-2.4c.03.678 0 7.225 0 7.225z\"><\/path>\n\t\t\t\t\t\t<\/svg><br \/>\n\t\t\t\t\t\t<\/a>\n\t\t\t\t\t<\/div>\n<\/p><\/div>\n<p class=\"team-card__description\">Dan Rizzo lidera a consultoria global de neg\u00f3cios, trabalhando com clientes para criar melhores formas de atua\u00e7\u00e3o em ci\u00eancias da vida, abrangendo \u00e1reas comerciais, m\u00e9dicas, R&#038;D, qualidade e tecnologia da sa\u00fade.<\/p>\n<\/p><\/div>\n<div class=\"team-card wp-block-veeva-team-member\" aria-label=\"Profile of President, Europe\">\n<div class=\"team-card__header\">\n<div class=\"team-card__headshot\">\n\t\t\t\t\t\t<img loading=\"lazy\" decoding=\"async\" width=\"500\" height=\"500\" src=\"https:\/\/www.veeva.com\/wp-content\/uploads\/2024\/12\/Chris-Moore-LI-500x500-1.jpg\" class=\"attachment-full size-full\" alt=\"Profile picture of Chris Moore\">\n\t\t\t\t\t<\/div>\n<div class=\"team-card__content\">\n<h3 class=\"team-card__name\">Chris Moore<\/h3>\n<p class=\"team-card__title\">Presidente, Europa<\/p>\n<p class=\"team-card__tenure\">8 Anos na Veeva<\/p>\n<p>\t\t\t\t\t\t<a href=\"https:\/\/www.linkedin.com\/in\/chrisdmoore9995\/?originalSubdomain=uk\" class=\"team-card__social\" rel=\"noopener\" target=\"_blank\"><br \/>\n\t\t\t\t\t\t<svg xmlns=\"http:\/\/www.w3.org\/2000\/svg\" width=\"32\" height=\"32\" fill=\"#0A66C2\" viewBox=\"0 0 16 16\" aria-hidden=\"true\">\n\t\t\t\t\t\t<path d=\"M0 1.146C0 .513.526 0 1.175 0h13.65C15.474 0 16 .513 16 1.146v13.708c0 .633-.526 1.146-1.175 1.146H1.175C.526 16 0 15.487 0 14.854zm4.943 12.248V6.169H2.542v7.225zm-1.2-8.212c.837 0 1.358-.554 1.358-1.248-.015-.709-.52-1.248-1.342-1.248S2.4 3.226 2.4 3.934c0 .694.521 1.248 1.327 1.248zm4.908 8.212V9.359c0-.216.016-.432.08-.586.173-.431.568-.878 1.232-.878.869 0 1.216.662 1.216 1.634v3.865h2.401V9.25c0-2.22-1.184-3.252-2.764-3.252-1.274 0-1.845.7-2.165 1.193v.025h-.016l.016-.025V6.169h-2.4c.03.678 0 7.225 0 7.225z\"><\/path>\n\t\t\t\t\t\t<\/svg><br \/>\n\t\t\t\t\t\t<\/a>\n\t\t\t\t\t<\/div>\n<\/p><\/div>\n<p class=\"team-card__description\">Chris Moore \u00e9 respons\u00e1vel pelo crescimento dos neg\u00f3cios da Veeva na Europa e por garantir o sucesso dos clientes na regi\u00e3o.\n<\/p>\n<\/p><\/div>\n<div class=\"team-card wp-block-veeva-team-member\" aria-label=\"Profile of General Manager, Asia\">\n<div class=\"team-card__header\">\n<div class=\"team-card__headshot\">\n\t\t\t\t\t\t<img loading=\"lazy\" decoding=\"async\" width=\"500\" height=\"500\" src=\"https:\/\/www.veeva.com\/wp-content\/uploads\/2024\/12\/Damian-Kelly-LI-500x500-1.jpg\" class=\"attachment-full size-full\" alt=\"Profile picture of Damian Kelly\">\n\t\t\t\t\t<\/div>\n<div class=\"team-card__content\">\n<h3 class=\"team-card__name\">Damian Kelly<\/h3>\n<p class=\"team-card__title\">Gerente Geral, \u00c1sia<\/p>\n<p class=\"team-card__tenure\">14 Anos na Veeva<\/p>\n<p>\t\t\t\t\t\t<a href=\"https:\/\/www.linkedin.com\/in\/damiankelly2\/\" class=\"team-card__social\" rel=\"noopener\" target=\"_blank\"><br \/>\n\t\t\t\t\t\t<svg xmlns=\"http:\/\/www.w3.org\/2000\/svg\" width=\"32\" height=\"32\" fill=\"#0A66C2\" viewBox=\"0 0 16 16\" aria-hidden=\"true\">\n\t\t\t\t\t\t<path d=\"M0 1.146C0 .513.526 0 1.175 0h13.65C15.474 0 16 .513 16 1.146v13.708c0 .633-.526 1.146-1.175 1.146H1.175C.526 16 0 15.487 0 14.854zm4.943 12.248V6.169H2.542v7.225zm-1.2-8.212c.837 0 1.358-.554 1.358-1.248-.015-.709-.52-1.248-1.342-1.248S2.4 3.226 2.4 3.934c0 .694.521 1.248 1.327 1.248zm4.908 8.212V9.359c0-.216.016-.432.08-.586.173-.431.568-.878 1.232-.878.869 0 1.216.662 1.216 1.634v3.865h2.401V9.25c0-2.22-1.184-3.252-2.764-3.252-1.274 0-1.845.7-2.165 1.193v.025h-.016l.016-.025V6.169h-2.4c.03.678 0 7.225 0 7.225z\"><\/path>\n\t\t\t\t\t\t<\/svg><br \/>\n\t\t\t\t\t\t<\/a>\n\t\t\t\t\t<\/div>\n<\/p><\/div>\n<p class=\"team-card__description\">Damian Kelly \u00e9 respons\u00e1vel por todas as \u00e1reas de neg\u00f3cios da Veeva na \u00c1sia, incluindo sucesso do cliente, crescimento e estrat\u00e9gia.<\/p>\n<\/p><\/div>\n<div class=\"team-card wp-block-veeva-team-member\" aria-label=\"Profile of General Manager, Japan\">\n<div class=\"team-card__header\">\n<div class=\"team-card__headshot\">\n\t\t\t\t\t\t<img loading=\"lazy\" decoding=\"async\" width=\"420\" height=\"419\" src=\"https:\/\/www.veeva.com\/wp-content\/uploads\/2025\/05\/Hirotaka-Chiba-hs.jpeg\" class=\"attachment-full size-full\" alt=\"Profile picture of Hirotaka Chiba\">\n\t\t\t\t\t<\/div>\n<div class=\"team-card__content\">\n<h3 class=\"team-card__name\">Hirotaka Chiba<\/h3>\n<p class=\"team-card__title\">Gerente Geral, Jap\u00e3o<\/p>\n<p class=\"team-card__tenure\">Um ano na Veeva<\/p>\n<p>\t\t\t\t\t\t<a href=\"https:\/\/www.linkedin.com\/in\/hirotaka-chiba-b3b4547\/\" class=\"team-card__social\" rel=\"noopener\" target=\"_blank\"><br \/>\n\t\t\t\t\t\t<svg xmlns=\"http:\/\/www.w3.org\/2000\/svg\" width=\"32\" height=\"32\" fill=\"#0A66C2\" viewBox=\"0 0 16 16\" aria-hidden=\"true\">\n\t\t\t\t\t\t<path d=\"M0 1.146C0 .513.526 0 1.175 0h13.65C15.474 0 16 .513 16 1.146v13.708c0 .633-.526 1.146-1.175 1.146H1.175C.526 16 0 15.487 0 14.854zm4.943 12.248V6.169H2.542v7.225zm-1.2-8.212c.837 0 1.358-.554 1.358-1.248-.015-.709-.52-1.248-1.342-1.248S2.4 3.226 2.4 3.934c0 .694.521 1.248 1.327 1.248zm4.908 8.212V9.359c0-.216.016-.432.08-.586.173-.431.568-.878 1.232-.878.869 0 1.216.662 1.216 1.634v3.865h2.401V9.25c0-2.22-1.184-3.252-2.764-3.252-1.274 0-1.845.7-2.165 1.193v.025h-.016l.016-.025V6.169h-2.4c.03.678 0 7.225 0 7.225z\"><\/path>\n\t\t\t\t\t\t<\/svg><br \/>\n\t\t\t\t\t\t<\/a>\n\t\t\t\t\t<\/div>\n<\/p><\/div>\n<p class=\"team-card__description\">Hirotaka Chiba \u00e9 respons\u00e1vel por desenvolver os neg\u00f3cios comerciais da Veeva no Jap\u00e3o e garantir o sucesso dos clientes na regi\u00e3o.<\/p>\n<\/p><\/div>\n<div class=\"team-card wp-block-veeva-team-member\" aria-label=\"Profile of General Manager, China\">\n<div class=\"team-card__header\">\n<div class=\"team-card__headshot\">\n\t\t\t\t\t\t<img loading=\"lazy\" decoding=\"async\" width=\"500\" height=\"500\" src=\"https:\/\/www.veeva.com\/wp-content\/uploads\/2024\/12\/Tim-Ding-LI-500x500-1.jpg\" class=\"attachment-full size-full\" alt=\"Profile picture of Tim Ding\">\n\t\t\t\t\t<\/div>\n<div class=\"team-card__content\">\n<h3 class=\"team-card__name\">Tim Ding<\/h3>\n<p class=\"team-card__title\">Gerente Geral, China<\/p>\n<p class=\"team-card__tenure\">4 Anos na Veeva<\/p>\n<p>\t\t\t\t\t\t<a href=\"https:\/\/www.linkedin.com\/in\/xiaofengding\" class=\"team-card__social\" rel=\"noopener\" target=\"_blank\"><br \/>\n\t\t\t\t\t\t<svg xmlns=\"http:\/\/www.w3.org\/2000\/svg\" width=\"32\" height=\"32\" fill=\"#0A66C2\" viewBox=\"0 0 16 16\" aria-hidden=\"true\">\n\t\t\t\t\t\t<path d=\"M0 1.146C0 .513.526 0 1.175 0h13.65C15.474 0 16 .513 16 1.146v13.708c0 .633-.526 1.146-1.175 1.146H1.175C.526 16 0 15.487 0 14.854zm4.943 12.248V6.169H2.542v7.225zm-1.2-8.212c.837 0 1.358-.554 1.358-1.248-.015-.709-.52-1.248-1.342-1.248S2.4 3.226 2.4 3.934c0 .694.521 1.248 1.327 1.248zm4.908 8.212V9.359c0-.216.016-.432.08-.586.173-.431.568-.878 1.232-.878.869 0 1.216.662 1.216 1.634v3.865h2.401V9.25c0-2.22-1.184-3.252-2.764-3.252-1.274 0-1.845.7-2.165 1.193v.025h-.016l.016-.025V6.169h-2.4c.03.678 0 7.225 0 7.225z\"><\/path>\n\t\t\t\t\t\t<\/svg><br \/>\n\t\t\t\t\t\t<\/a>\n\t\t\t\t\t<\/div>\n<\/p><\/div>\n<p class=\"team-card__description\">Tim Ding \u00e9 respons\u00e1vel por desenvolver os neg\u00f3cios comerciais da Veeva na China e garantir o sucesso dos clientes na regi\u00e3o.<\/p>\n<\/p><\/div>\n<div class=\"team-card wp-block-veeva-team-member\" aria-label=\"General Manager, Asia R&#038;D and Quality\">\n<div class=\"team-card__header\">\n<div class=\"team-card__headshot\">\n\t\t\t\t\t\t<img loading=\"lazy\" decoding=\"async\" width=\"500\" height=\"500\" src=\"https:\/\/www.veeva.com\/br\/wp-content\/uploads\/2025\/08\/Chris-Shim_320x320.jpg\" class=\"attachment-full size-full\" alt=\"Profile picture of Chris Shim\">\n\t\t\t\t\t<\/div>\n<div class=\"team-card__content\">\n<h3 class=\"team-card__name\">Chris Shim<\/h3>\n<p class=\"team-card__title\">Gerente Geral de R&#038;D e Qualidade na \u00c1sia<\/p>\n<p class=\"team-card__tenure\">8 Anos na Veeva<\/p>\n<p>\t\t\t\t\t\t<a href=\"https:\/\/www.linkedin.com\/in\/chris-shim-2154bb2a\/\" class=\"team-card__social\" rel=\"noopener\" target=\"_blank\"><br \/>\n\t\t\t\t\t\t<svg xmlns=\"http:\/\/www.w3.org\/2000\/svg\" width=\"32\" height=\"32\" fill=\"#0A66C2\" viewBox=\"0 0 16 16\" aria-hidden=\"true\">\n\t\t\t\t\t\t<path d=\"M0 1.146C0 .513.526 0 1.175 0h13.65C15.474 0 16 .513 16 1.146v13.708c0 .633-.526 1.146-1.175 1.146H1.175C.526 16 0 15.487 0 14.854zm4.943 12.248V6.169H2.542v7.225zm-1.2-8.212c.837 0 1.358-.554 1.358-1.248-.015-.709-.52-1.248-1.342-1.248S2.4 3.226 2.4 3.934c0 .694.521 1.248 1.327 1.248zm4.908 8.212V9.359c0-.216.016-.432.08-.586.173-.431.568-.878 1.232-.878.869 0 1.216.662 1.216 1.634v3.865h2.401V9.25c0-2.22-1.184-3.252-2.764-3.252-1.274 0-1.845.7-2.165 1.193v.025h-.016l.016-.025V6.169h-2.4c.03.678 0 7.225 0 7.225z\"><\/path>\n\t\t\t\t\t\t<\/svg><br \/>\n\t\t\t\t\t\t<\/a>\n\t\t\t\t\t<\/div>\n<\/p><\/div>\n<p class=\"team-card__description\">Chris Shim \u00e9 respons\u00e1vel por desenvolver os neg\u00f3cios de Pesquisa, Desenvolvimento (R&#038;D) e Qualidade da Veeva em toda a \u00c1sia e por garantir o sucesso dos clientes.<\/p>\n<\/p><\/div>\n<div class=\"team-card wp-block-veeva-team-member\" aria-label=\"Profile of General Manager, Latin America\">\n<div class=\"team-card__header\">\n<div class=\"team-card__headshot\">\n\t\t\t\t\t\t<img loading=\"lazy\" decoding=\"async\" width=\"500\" height=\"500\" src=\"https:\/\/www.veeva.com\/wp-content\/uploads\/2024\/12\/Adriano-Vieira-LI-500x500-1.jpg\" class=\"attachment-full size-full\" alt=\"Profile picture of Adriano Vieira\">\n\t\t\t\t\t<\/div>\n<div class=\"team-card__content\">\n<h3 class=\"team-card__name\">Adriano Vieira<\/h3>\n<p class=\"team-card__title\">Gerente Geral, Am\u00e9rica Latina<\/p>\n<p class=\"team-card__tenure\">12 Anos na Veeva<\/p>\n<p>\t\t\t\t\t\t<a href=\"https:\/\/br.linkedin.com\/in\/adrianofachinivieira\" class=\"team-card__social\" rel=\"noopener\" target=\"_blank\"><br \/>\n\t\t\t\t\t\t<svg xmlns=\"http:\/\/www.w3.org\/2000\/svg\" width=\"32\" height=\"32\" fill=\"#0A66C2\" viewBox=\"0 0 16 16\" aria-hidden=\"true\">\n\t\t\t\t\t\t<path d=\"M0 1.146C0 .513.526 0 1.175 0h13.65C15.474 0 16 .513 16 1.146v13.708c0 .633-.526 1.146-1.175 1.146H1.175C.526 16 0 15.487 0 14.854zm4.943 12.248V6.169H2.542v7.225zm-1.2-8.212c.837 0 1.358-.554 1.358-1.248-.015-.709-.52-1.248-1.342-1.248S2.4 3.226 2.4 3.934c0 .694.521 1.248 1.327 1.248zm4.908 8.212V9.359c0-.216.016-.432.08-.586.173-.431.568-.878 1.232-.878.869 0 1.216.662 1.216 1.634v3.865h2.401V9.25c0-2.22-1.184-3.252-2.764-3.252-1.274 0-1.845.7-2.165 1.193v.025h-.016l.016-.025V6.169h-2.4c.03.678 0 7.225 0 7.225z\"><\/path>\n\t\t\t\t\t\t<\/svg><br \/>\n\t\t\t\t\t\t<\/a>\n\t\t\t\t\t<\/div>\n<\/p><\/div>\n<p class=\"team-card__description\">Adriano Vieira \u00e9 respons\u00e1vel por desenvolver os neg\u00f3cios da Veeva na Am\u00e9rica Latina e garantir o sucesso dos clientes com produtos e servi\u00e7os.<\/p>\n<\/p><\/div>\n<div class=\"team-card wp-block-veeva-team-member\" aria-label=\"Profile of Chief Information Security Officer\">\n<div class=\"team-card__header\">\n<div class=\"team-card__headshot\">\n\t\t\t\t\t\t<img loading=\"lazy\" decoding=\"async\" width=\"500\" height=\"500\" src=\"https:\/\/www.veeva.com\/wp-content\/uploads\/2024\/12\/Dan-Martin-LI-500x500-1.jpg\" class=\"attachment-full size-full\" alt=\"Profile picture of Dan Martin\">\n\t\t\t\t\t<\/div>\n<div class=\"team-card__content\">\n<h3 class=\"team-card__name\">Dan Martin<\/h3>\n<p class=\"team-card__title\">Diretor de Seguran\u00e7a da Informa\u00e7\u00e3o<\/p>\n<p class=\"team-card__tenure\">6 Anos na Veeva<\/p>\n<p>\t\t\t\t\t\t<a href=\"https:\/\/www.linkedin.com\/in\/dan-martin-76732229\/\" class=\"team-card__social\" rel=\"noopener\" target=\"_blank\"><br \/>\n\t\t\t\t\t\t<svg xmlns=\"http:\/\/www.w3.org\/2000\/svg\" width=\"32\" height=\"32\" fill=\"#0A66C2\" viewBox=\"0 0 16 16\" aria-hidden=\"true\">\n\t\t\t\t\t\t<path d=\"M0 1.146C0 .513.526 0 1.175 0h13.65C15.474 0 16 .513 16 1.146v13.708c0 .633-.526 1.146-1.175 1.146H1.175C.526 16 0 15.487 0 14.854zm4.943 12.248V6.169H2.542v7.225zm-1.2-8.212c.837 0 1.358-.554 1.358-1.248-.015-.709-.52-1.248-1.342-1.248S2.4 3.226 2.4 3.934c0 .694.521 1.248 1.327 1.248zm4.908 8.212V9.359c0-.216.016-.432.08-.586.173-.431.568-.878 1.232-.878.869 0 1.216.662 1.216 1.634v3.865h2.401V9.25c0-2.22-1.184-3.252-2.764-3.252-1.274 0-1.845.7-2.165 1.193v.025h-.016l.016-.025V6.169h-2.4c.03.678 0 7.225 0 7.225z\"><\/path>\n\t\t\t\t\t\t<\/svg><br \/>\n\t\t\t\t\t\t<\/a>\n\t\t\t\t\t<\/div>\n<\/p><\/div>\n<p class=\"team-card__description\">Dan Martin \u00e9 respons\u00e1vel por todos os aspectos de seguran\u00e7a cibern\u00e9tica global e compliance relacionados a produtos, pol\u00edticas e opera\u00e7\u00f5es.<\/p>\n<\/p><\/div>\n<div class=\"team-card wp-block-veeva-team-member\" aria-label=\"Profile of Vice President, Quality, Regulatory, and Compliance\">\n<div class=\"team-card__header\">\n<div class=\"team-card__headshot\">\n\t\t\t\t\t\t<img loading=\"lazy\" decoding=\"async\" width=\"500\" height=\"500\" src=\"https:\/\/www.veeva.com\/wp-content\/uploads\/2024\/12\/Jacques-Mourrain-LI-500x500-1.jpg\" class=\"attachment-full size-full\" alt=\"Profile picture of Jacques Mourrain\">\n\t\t\t\t\t<\/div>\n<div class=\"team-card__content\">\n<h3 class=\"team-card__name\">Jacques Mourrain<\/h3>\n<p class=\"team-card__title\">Vice-Presidente de Qualidade, Regulat\u00f3rios e Compliance<\/p>\n<p class=\"team-card__tenure\">13 Anos na Veeva<\/p>\n<p>\t\t\t\t\t\t<a href=\"http:\/\/www.linkedin.com\/pub\/jacques-mourrain-phd\/23\/a1\/79\" class=\"team-card__social\" rel=\"noopener\" target=\"_blank\"><br \/>\n\t\t\t\t\t\t<svg xmlns=\"http:\/\/www.w3.org\/2000\/svg\" width=\"32\" height=\"32\" fill=\"#0A66C2\" viewBox=\"0 0 16 16\" aria-hidden=\"true\">\n\t\t\t\t\t\t<path d=\"M0 1.146C0 .513.526 0 1.175 0h13.65C15.474 0 16 .513 16 1.146v13.708c0 .633-.526 1.146-1.175 1.146H1.175C.526 16 0 15.487 0 14.854zm4.943 12.248V6.169H2.542v7.225zm-1.2-8.212c.837 0 1.358-.554 1.358-1.248-.015-.709-.52-1.248-1.342-1.248S2.4 3.226 2.4 3.934c0 .694.521 1.248 1.327 1.248zm4.908 8.212V9.359c0-.216.016-.432.08-.586.173-.431.568-.878 1.232-.878.869 0 1.216.662 1.216 1.634v3.865h2.401V9.25c0-2.22-1.184-3.252-2.764-3.252-1.274 0-1.845.7-2.165 1.193v.025h-.016l.016-.025V6.169h-2.4c.03.678 0 7.225 0 7.225z\"><\/path>\n\t\t\t\t\t\t<\/svg><br \/>\n\t\t\t\t\t\t<\/a>\n\t\t\t\t\t<\/div>\n<\/p><\/div>\n<p class=\"team-card__description\">Jacques Mourrain, PhD, \u00e9 respons\u00e1vel pelas opera\u00e7\u00f5es de qualidade, conformidade regulat\u00f3ria e gest\u00e3o de auditorias.<\/p>\n<\/p><\/div>\n<\/p><\/div>\n<\/p><\/div>\n<\/section>\n<p><\/main><\/p>\n","protected":false},"excerpt":{"rendered":"<p>Leadership<\/p>\n","protected":false},"author":80,"featured_media":0,"parent":15570,"menu_order":0,"comment_status":"closed","ping_status":"open","template":"templates\/veeva-2024.full-page.php","meta":{"footnotes":""},"class_list":["post-60460","page","type-page","status-publish","hentry"],"aioseo_notices":[],"_links":{"self":[{"href":"https:\/\/www.veeva.com\/br\/wp-json\/wp\/v2\/pages\/60460"}],"collection":[{"href":"https:\/\/www.veeva.com\/br\/wp-json\/wp\/v2\/pages"}],"about":[{"href":"https:\/\/www.veeva.com\/br\/wp-json\/wp\/v2\/types\/page"}],"author":[{"embeddable":true,"href":"https:\/\/www.veeva.com\/br\/wp-json\/wp\/v2\/users\/80"}],"replies":[{"embeddable":true,"href":"https:\/\/www.veeva.com\/br\/wp-json\/wp\/v2\/comments?post=60460"}],"version-history":[{"count":14,"href":"https:\/\/www.veeva.com\/br\/wp-json\/wp\/v2\/pages\/60460\/revisions"}],"predecessor-version":[{"id":61032,"href":"https:\/\/www.veeva.com\/br\/wp-json\/wp\/v2\/pages\/60460\/revisions\/61032"}],"up":[{"embeddable":true,"href":"https:\/\/www.veeva.com\/br\/wp-json\/wp\/v2\/pages\/15570"}],"wp:attachment":[{"href":"https:\/\/www.veeva.com\/br\/wp-json\/wp\/v2\/media?parent=60460"}],"curies":[{"name":"wp","href":"https:\/\/api.w.org\/{rel}","templated":true}]}}